{"id":609,"date":"2023-04-19T22:01:16","date_gmt":"2023-04-20T02:01:16","guid":{"rendered":"https:\/\/rupailaf.cl\/?page_id=609"},"modified":"2023-04-20T13:46:36","modified_gmt":"2023-04-20T17:46:36","slug":"plus","status":"publish","type":"page","link":"https:\/\/rupailaf.cl\/index.php\/plus\/","title":{"rendered":"PLUS"},"content":{"rendered":"<section class=\"wpb-content-wrapper\"><p>[vc_row][vc_column][vc_column_text]<u>Revista Chilena de Literatura<\/u><\/p>\n<p><a href=\"https:\/\/www.scielo.cl\/scielo.php?script=sci_arttext&amp;pid=S0718-22952021000200151\" target=\"_blank\" rel=\"noopener\">https:\/\/www.scielo.cl\/scielo.php?script=sci_arttext&amp;pid=S0718-22952021000200151<\/a><\/p>\n<p>&nbsp;<\/p>\n<p><u>Revista de la raza c\u00f3smica<\/u><\/p>\n<p><u><a href=\"https:\/\/razacomica.cl\/sitio\/2021\/11\/16\/roxana-miranda-rupailaf-refundar-la-palabra-mapuche-y-trabajar-con-lo-ancestral-y-volverlo-contemporaneo-es-una-labor-del-escritor-indigena-contemporaneo\/\" target=\"_blank\" rel=\"noopener\">Roxana Miranda Rupailaf: \u201cRefundar la palabra mapuche y trabajar con lo ancestral y volverlo contempor\u00e1neo es una labor del escritor ind\u00edgena\u201d \u2013 La Raza C\u00f3mica (razacomica.cl)<\/a><\/u><\/p>\n<p>&nbsp;<\/p>\n<p><u>Revista Buenos Aires Poetry<\/u><\/p>\n<p><u><a href=\"https:\/\/buenosairespoetry.com\/2021\/01\/27\/9-poetas-chilenas-nacidas-en-los-80s-roxana-miranda-rupailaf\/\" target=\"_blank\" rel=\"noopener\">9 poetas chilenas nacidas en los 80\u00b4s | Roxana Miranda Rupailaf \u2013 Buenos Aires Poetry<\/a><\/u><\/p>\n<p>&nbsp;<\/p>\n<p><u>Entrevista de Ernesto Gonz\u00e1lez Barnet<\/u><\/p>\n<p><a href=\"http:\/\/www.letras.mysite.com\/egb220907.htm\" target=\"_blank\" rel=\"noopener\">http:\/\/www.letras.mysite.com\/egb220907.htm<\/a><\/p>\n<p>&nbsp;<\/p>\n<p><u>Entrevista Fundaci\u00f3n Neruda<\/u><\/p>\n<p><a href=\"https:\/\/cultura.fundacionneruda.org\/2022\/03\/11\/entrevista-a-roxana-miranda-rupailaf-se-ha-castrado-mucho-el-pensamiento-erotico-indigena\/\" target=\"_blank\" rel=\"noopener\">https:\/\/cultura.fundacionneruda.org\/2022\/03\/11\/entrevista-a-roxana-miranda-rupailaf-se-ha-castrado-mucho-el-pensamiento-erotico-indigena\/<\/a><\/p>\n<p>&nbsp;<\/p>\n<p>Entrevista Revista \u00d1 con motivo de la Filba 2013<\/p>\n<p><a href=\"https:\/\/www.clarin.com\/poesia\/roxana-miranda-rupailaf-poeta-mapuche-chilena_0_S1xIhhGjDXx.html\" target=\"_blank\" rel=\"noopener\">https:\/\/www.clarin.com\/poesia\/roxana-miranda-rupailaf-poeta-mapuche-chilena_0_S1xIhhGjDXx.html<\/a><\/p>\n<p>&nbsp;<\/p>\n<p><u>Entrevista \u201cEl insular\u201d de Chilo\u00e9<\/u><\/p>\n<p><a href=\"https:\/\/elinsular.cl\/fogon-cultural\/2022\/01\/24\/roxana-miranda-rupailaf-poeta\/\" target=\"_blank\" rel=\"noopener\">https:\/\/elinsular.cl\/fogon-cultural\/2022\/01\/24\/roxana-miranda-rupailaf-poeta\/<\/a><\/p>\n<p>&nbsp;<\/p>\n<p><u>Entrevista Puente B<\/u><\/p>\n<p><u><a href=\"https:\/\/www.youtube.com\/watch?v=NtEnmMViqR8\" target=\"_blank\" rel=\"noopener\">Poeta Roxana Miranda Rupailaf &#8211;\u00a0<\/a><\/u><\/p>\n<p>&nbsp;<\/p>\n<p><u>Entrevista Pterod\u00e1ctilo (Texas 2019)<\/u><\/p>\n<p><u><a href=\"http:\/\/pterodactilo.com\/pterocast-episodio-11-roxana-miranda-rupailaf-no-concibo-una-literatura-descontextualizada\/\" target=\"_blank\" rel=\"noopener\">Pterocast, episodio #11. Roxana Miranda Rupailaf. \u00abNo concibo una literatura descontextualizada\u201d \u2013 Pterodactilo<\/a><\/u><\/p>\n<p>&nbsp;<\/p>\n<p><u>VIDEOLLAMADAS &#8211; ROXANA MIRANDA RUPAILAF<\/u><\/p>\n<p><u><a href=\"https:\/\/www.youtube.com\/watch?v=3jRo1Wa6pfM\" target=\"_blank\" rel=\"noopener\">VIDEOLLAMADAS | Roxana Miranda Rupailaf &#8211; YouTube<\/a><\/u><\/p>\n<p>&nbsp;<\/p>\n<p><u>Roxana Miranda Rupailaf, poeta mapuche: \u201cEl racismo es consecuencia de la administraci\u00f3n del poder\u201d The Clinic 2022.<\/u><\/p>\n<p><u><a href=\"https:\/\/www.theclinic.cl\/2020\/08\/27\/roxana-miranda-rupailaf-poeta-mapuche-el-racismo-es-consecuencia-de-la-administracion-del-poder\/\" target=\"_blank\" rel=\"noopener\">Roxana Miranda Rupailaf, poeta mapuche: \u201cEl racismo es consecuencia de la administraci\u00f3n del poder\u201d (theclinic.cl)<\/a><\/u><\/p>\n<p>&nbsp;<\/p>\n<p>Podcast radial \u201cSin Permiso\u201d desde Argentina.<\/p>\n<p><u><a href=\"https:\/\/www.youtube.com\/watch?v=k50aw01vlCE\" target=\"_blank\" rel=\"noopener\">Roxana Miranda Rupailaf &#8211; YouTube<\/a><\/u><\/p>\n<p>&nbsp;<\/p>\n<p><u>Roxana Miranda Rupailaf \/Encuentros literarios: poes\u00eda ind\u00edgena de Am\u00e9rica Latina [Am\u00e9rica UPO] 2E. \u2013 (Universidad Pablo de Olavide, Sevilla, Espa\u00f1a)<\/u><\/p>\n<p><u><a href=\"https:\/\/www.youtube.com\/watch?v=cEkDE3gTkGU\" target=\"_blank\" rel=\"noopener\">Roxana Miranda Rupailaf \/Encuentros literarios: poes\u00eda ind\u00edgena de Am\u00e9rica Latina [Am\u00e9rica UPO] 2E. &#8211; YouTube<\/a><\/u><\/p>\n<p>&nbsp;<\/p>\n<p style=\"text-align: center;\"><span style=\"color: #800080;\"><strong><u>Participaci\u00f3n en Festivales y encuentros po\u00e9ticos<\/u><\/strong><\/span><\/p>\n<p>&nbsp;<\/p>\n<p>FESTIVAL INTERNACIONAL DE POES\u00cdA DE MEDELL\u00cdN<\/p>\n<p><a href=\"https:\/\/www.festivaldepoesiademedellin.org\/es\/Festival\/31\/RoxanaMiranda\/\" target=\"_blank\" rel=\"noopener\">https:\/\/www.festivaldepoesiademedellin.org\/es\/Festival\/31\/RoxanaMiranda\/<\/a><\/p>\n<p>&nbsp;<\/p>\n<p><u>Regreso presencial del Festival Internacional de Poes\u00eda Caracol<\/u><\/p>\n<p><u><a href=\"https:\/\/zetatijuana.com\/2022\/09\/regreso-presencial-del-festival-internacional-de-poesia-caracol\/\" target=\"_blank\" rel=\"noopener\">Regreso presencial del Festival Internacional de Poes\u00eda Caracol &#8211; Semanario ZETA (zetatijuana.com)<\/a><\/u><\/p>\n<p>&nbsp;<\/p>\n<p><u>Festival Internacional del Libro y la Lectura de \u00d1u\u00f1oa<\/u><\/p>\n<p><u><a href=\"https:\/\/www.elmostrador.cl\/cultura\/2021\/12\/10\/festival-internacional-del-libro-y-la-lectura-de-nunoa\/\" target=\"_blank\" rel=\"noopener\">Festival Internacional del Libro y la Lectura de \u00d1u\u00f1oa &#8211; El Mostrador<\/a><\/u><\/p>\n<p>&nbsp;<\/p>\n<p>&nbsp;<\/p>\n<p style=\"text-align: center;\"><span style=\"color: #800080;\"><strong><u>Participaci\u00f3n en proyectos<\/u><\/strong><\/span><\/p>\n<p>&nbsp;<\/p>\n<p>&nbsp;<\/p>\n<p><u>Registro fotogr\u00e1fico de Escritores Ind\u00edgenas. Banco de Im\u00e1genes<\/u><\/p>\n<p><a href=\"https:\/\/www.escritoresindigenas.cl\/roxana-miranda\" target=\"_blank\" rel=\"noopener\">https:\/\/www.escritoresindigenas.cl\/roxana-miranda<\/a><\/p>\n<p>&nbsp;<\/p>\n<p>&nbsp;<\/p>\n<p>&nbsp;<\/p>\n<p><u>Registro audiovisual Orquesta de poetas<\/u><\/p>\n<p><a href=\"https:\/\/orquestadepoetas.cl\/registrodepoetas\/roxana-miranda\/\" target=\"_blank\" rel=\"noopener\">https:\/\/orquestadepoetas.cl\/registrodepoetas\/roxana-miranda\/<\/a><\/p>\n<p>&nbsp;<\/p>\n<p>Documental Mujeres Esp\u00edritu<\/p>\n<p><a href=\"https:\/\/vimeo.com\/396352438\" target=\"_blank\" rel=\"noopener\">https:\/\/vimeo.com\/396352438<\/a><\/p>\n<p>&nbsp;<\/p>\n<p>&nbsp;<\/p>\n<p>&nbsp;<\/p>\n<p><strong>Traducciones<\/strong><\/p>\n<p>Ingl\u00e9s<\/p>\n<p><a href=\"https:\/\/latinamericanliteraturetoday.org\/es\/2019\/02\/three-poems-roxana-miranda-rupailaf\/\" target=\"_blank\" rel=\"noopener\">https:\/\/latinamericanliteraturetoday.org\/es\/2019\/02\/three-poems-roxana-miranda-rupailaf\/<\/a><\/p>\n<p>&nbsp;<\/p>\n<p>&nbsp;<\/p>\n<p>&nbsp;<\/p>\n<p>Portugu\u00e9s<\/p>\n<p><a href=\"https:\/\/revistacult.uol.com.br\/home\/graciela-huinao-e-roxana-miranda\/\" target=\"_blank\" rel=\"noopener\">https:\/\/revistacult.uol.com.br\/home\/graciela-huinao-e-roxana-miranda\/<\/a><\/p>\n<p>&nbsp;<\/p>\n<p>&nbsp;<\/p>\n<p>&nbsp;<\/p>\n<p><u>Vizualiz-arte: Relatos de vida de mujeres Artidtas de la Regi\u00f3n de Los Lagos- Chile. Edici\u00f3n Biling\u00fce Espa\u00f1ol \u2013 Franc\u00e9s de Claudia Arellano<\/u><\/p>\n<p><u><a href=\"https:\/\/www.libreriadelgam.cl\/libro\/visualiz-arte-_76179\" target=\"_blank\" rel=\"noopener\">VISUALIZ-ARTE:. RELATOS DE VIDA DE MUJERES. ARTISTAS. ARELLANO, CLAUDIA. 9789563193565 Librer\u00eda del GAM (libreriadelgam.cl)<\/a><\/u><\/p>\n<p>&nbsp;<\/p>\n<p>&nbsp;<\/p>\n<p>&nbsp;<\/p>\n<p><u>Diez poemas mapuche: Lecturas al aire, diez poetas mapuche. Presentado por Radio B\u00edo B\u00edo. Poemas in\u00e9ditos y extractos de importantes autoras ind\u00edgenas.<\/u><\/p>\n<p><a href=\"https:\/\/www.biobiochile.cl\/10-poetas-mapuche\/\" target=\"_blank\" rel=\"noopener\">BioBioChile | 10 poetas Mapuche<\/a><\/p>\n<p>&nbsp;<\/p>\n<p>&nbsp;<\/p>\n<p>&nbsp;<\/p>\n<p><u>Casagrande: Bombardeo de Poemas Londres 2012 (edici\u00f3n triling\u00fce Mapuzungun \u2013 Ingles \u2013 Espa\u00f1ol.<\/u><\/p>\n<p>&nbsp;<\/p>\n<p>Antolog\u00eda \u201cLa palabra es la flor\u201d, edici\u00f3n biling\u00fce realizada por Jaime Huen\u00fan Villa.<\/p>\n<p>&nbsp;<\/p>\n<p>Roxana Miranda Rupailaf es parte de la antolog\u00eda biling\u00fce\u00a0\u00a0 \u201cLa Palabra es la Flor\u201d de Jaime Huen\u00fan Villa.<\/p>\n<p>En el marco del proyecto\u00a0<a href=\"http:\/\/www.instagram.com\/suizspacio_\" target=\"_blank\" rel=\"noopener\">Suizspacio<\/a>\u00a0que la Embajada de Suiza en Chile realiza junto a Metro de Santiago, Roxana es invitada a participar del proyecto de cooperaci\u00f3n cultural \u201c<u>Paisajes Po\u00e9ticos de Chile<\/u>\u201d, en la estaci\u00f3n \u00d1u\u00f1oa, con su poema\u00a0<strong>No podr\u00e1n arrancarnos las visiones. <\/strong>Esta actividad finalmente se ejecuta en Septiembre de 2022.<\/p>\n<p>Colecci\u00f3n \u201cHelecho Com\u00fan\u201d, en la que se presentan poemas escogidos de Roxana Miranda, Victoria Ram\u00edrez y Soledad Fari\u00f1a, diciembre 2022 de Banca de Helechos editores.<\/p>\n<p>&nbsp;<\/p>\n<p>&nbsp;<\/p>\n<p style=\"text-align: center;\"><span style=\"color: #800080;\"><strong><u>Noticias (Portales web, diarios, reportajes nacionales e internacionales).<\/u><\/strong><\/span><\/p>\n<p>&nbsp;<\/p>\n<p>&nbsp;<\/p>\n<p><u>Feria del Libro Ricardo Palma en Lima (Noviembre de 2022)<\/u><\/p>\n<p><u><a href=\"https:\/\/elcomercio.pe\/luces\/libros\/feria-del-libro-ricardo-palma-cumple-50-anos-todo-lo-que-debes-saber-de-sus-bodas-de-oro-noticia\/?ref=ecr\" target=\"_blank\" rel=\"noopener\">Feria del Libro Ricardo Palma cumple 50 a\u00f1os: Todo lo que debes saber de sus bodas de oro | LUCES | EL COMERCIO PER\u00da<\/a><\/u><\/p>\n<p>&nbsp;<\/p>\n<p>&nbsp;<\/p>\n<p><u>Operaci\u00f3n Huemul (Octubre 2022)<\/u><\/p>\n<p><u>(Fotograma)<\/u><\/p>\n<p><u><a href=\"https:\/\/www.youtube.com\/watch?v=JE9Bbj39UY0\" target=\"_blank\" rel=\"noopener\">Operaci\u00f3n Huemul &#8211; Roxana Miranda Rupailaf &#8211; YouTube<\/a><\/u><\/p>\n<p>&nbsp;<\/p>\n<p>&nbsp;<\/p>\n<p><u>Canto Para una Semilla -Luis Advis &#8211; Coro Universidad de Los Lagos (2012) <\/u><\/p>\n<p><u><a href=\"https:\/\/www.youtube.com\/watch?v=ogTs9wpoR4Y\" target=\"_blank\" rel=\"noopener\">Canto para una Semilla &#8211; Luis Advis &#8211; Coro Universidad de Los Lagos &#8211; Parte 1 &#8211; YouTube<\/a><\/u><\/p>\n<p>&nbsp;<\/p>\n<p>&nbsp;<\/p>\n<p><u>La voz mapuche de Roxana Miranda Rupailaf en Canad\u00e1<\/u><\/p>\n<p><u><a href=\"https:\/\/www.rcinet.ca\/es\/2015\/09\/07\/la-voz-mapuche-de-roxana-miranda-rupailaf-en-canada\/\" target=\"_blank\" rel=\"noopener\">La voz mapuche de Roxana Miranda Rupailaf en Canad\u00e1 \u2013 RCI | Espa\u00f1ol (rcinet.ca)<\/a><\/u><\/p>\n<p>&nbsp;<\/p>\n<p>&nbsp;<\/p>\n<p><u>Concierto &#8220;100 a\u00f1os Violeta Parra&#8221; se realizar\u00e1 en Osorno este 08 de septiembre<\/u><\/p>\n<p><u><a href=\"https:\/\/www.paislobo.cl\/2017\/09\/concierto-100-anos-violeta-parra-se.html\" target=\"_blank\" rel=\"noopener\">Concierto &#8220;100 a\u00f1os Violeta Parra&#8221; se realizar\u00e1 en Osorno este 08 de septiembre &#8211; PL Prensa (paislobo.cl)<\/a><\/u><\/p>\n<p>&nbsp;<\/p>\n<p>&nbsp;<\/p>\n<p><u>Mapuches y abor\u00edgenes de Australia unen sus voces en una antolog\u00eda po\u00e9tica<\/u><\/p>\n<p><u><a href=\"https:\/\/www.emol.com\/noticias\/magazine\/2008\/04\/30\/302396\/mapuches-y-aborigenes-de-australia-unen-sus-voces-en-una-antologia-poetica.html\" target=\"_blank\" rel=\"noopener\">Mapuches y abor\u00edgenes de Australia unen sus voces en una antolog\u00eda po\u00e9tica | Emol.com<\/a><\/u><\/p>\n<p>&nbsp;<\/p>\n<p>&nbsp;<\/p>\n<p><u>As\u00ed inform\u00f3 el canal ITV Patagonia sobre el recital brindado en Porvenir por el Ensamble de la Universidad de los Lago y la poetisa Roxana Miranda Rupailaf. El evento se repetir\u00e1 este jueves a las 19:00 hrs. en el Museo del Recuerdo de Punta Arenas.<\/u><\/p>\n<p><u><a href=\"https:\/\/www.facebook.com\/watch\/?v=450701500063232\" target=\"_blank\" rel=\"noopener\">Watch | Facebook<\/a><\/u><\/p>\n<p>&nbsp;<\/p>\n<p>&nbsp;<\/p>\n<p>\u201cNgen ko, esp\u00edritus del agua\u201d en Osorno (Prensa Pa\u00eds Lobo)<\/p>\n<p><a href=\"https:\/\/www.paislobo.cl\/2019\/09\/ngen-ko-espiritus-del-agua-en-osorno.html\" target=\"_blank\" rel=\"noopener\">\u201cNgen ko, esp\u00edritus del agua\u201d en Osorno &#8211; PL Prensa (paislobo.cl)<\/a><\/p>\n<p>&nbsp;<\/p>\n<p>&nbsp;<\/p>\n<p><u>\u00d3<\/u><u>pera Shumpall<\/u><\/p>\n<p><a href=\"https:\/\/www.academiachilenadebellasartes.cl\/2019\/08\/12\/opera-shumpall-cantos-de-suenos-de-mar-y-de-amor\/\" target=\"_blank\" rel=\"noopener\">https:\/\/www.academiachilenadebellasartes.cl\/2019\/08\/12\/opera-shumpall-cantos-de-suenos-de-mar-y-de-amor\/<\/a><\/p>\n<p>&nbsp;<\/p>\n<p>&nbsp;<\/p>\n<p>&nbsp;<\/p>\n<p><u>Obra de teatro Inche Vilu<\/u><\/p>\n<p><a href=\"https:\/\/www.culturapuertomontt.cl\/inicio\/inche-vilu\/\" target=\"_blank\" rel=\"noopener\">https:\/\/www.culturapuertomontt.cl\/inicio\/inche-vilu\/<\/a><\/p>\n<p>&nbsp;<\/p>\n<p>&nbsp;<\/p>\n<p><u>Obra de teatro Shumpall<\/u><\/p>\n<p><a href=\"https:\/\/www.paislobo.cl\/2022\/10\/osorno-obra-shumpall-en-el-teatro-municipal.html\" target=\"_blank\" rel=\"noopener\">https:\/\/www.paislobo.cl\/2022\/10\/osorno-obra-shumpall-en-el-teatro-municipal.html<\/a><\/p>\n<p>&nbsp;<\/p>\n<p>&nbsp;<\/p>\n<p><u>Opera Trem\u00fcn en Cornegie Hall en Nueva York con Patricio Molina (Compositor), Sonya Headlam (soprano), el violinistas Alejandro Mendoza y\u00a0 la Soprano Ver\u00f3nica Villarroel. <\/u><\/p>\n<p><u><a href=\"https:\/\/www.notesforgrowth-chile.org\/tremun\" target=\"_blank\" rel=\"noopener\">TREMUN before the event \u2014 Notes for Growth Chile (notesforgrowth-chile.org)<\/a><\/u><\/p>\n<p>&nbsp;<\/p>\n<p>&nbsp;<\/p>\n<p><strong><u>Exhibici\u00f3n de pel\u00edcula \u201cMujeres Esp\u00edritu\u201d (2020) de Francisco Huichaqueo<\/u><\/strong><\/p>\n<p><a href=\"https:\/\/www.elmostrador.cl\/ahora\/2020\/06\/01\/exhibicion-de-pelicula-mujeres-espiritu-2020-de-francisco-huichaqueo\/\" target=\"_blank\" rel=\"noopener\">Exhibici\u00f3n de pel\u00edcula \u201cMujeres Esp\u00edritu\u201d (2020) de Francisco Huichaqueo &#8211; El Mostrador<\/a><\/p>\n<p>&nbsp;<\/p>\n<p>&nbsp;<\/p>\n<p><u>La \u201ceroticidad\u201d de la Mapu: po\u00e9tica-pol\u00edtica de recuperaci\u00f3n territorial en Roxana Miranda Rupailaf y el video-poema El Shumpall \u2013 Extracto Tesis de Monserrat Madariaga Caro- Austin, Texas \u2013 Estados Unidos.<\/u><\/p>\n<p><u><a href=\"http:\/\/tallerdeletras.letras.uc.cl\/index.php\/TL\/article\/view\/26705\" target=\"_blank\" rel=\"noopener\">La \u201ceroticidad\u201d de la Mapu: po\u00e9tica-pol\u00edtica de recuperaci\u00f3n territorial en Roxana Miranda Rupailaf y el video-poema El Shumpall | Taller de Letras (uc.cl)<\/a><\/u><\/p>\n<p>&nbsp;<\/p>\n<p>&nbsp;<\/p>\n<p>&nbsp;<\/p>\n<p><u>Modulaciones entre lo femenino y lo precario: Un recorrido por la literatura de Francisco Vargas Huaiquimilla y Roxana Miranda Rupailaf (Extracto Tesis de Camila Mardones realizada para la Universidad de Buenos Aires, Facultad de Filosof\u00eda y Letras.).<\/u><\/p>\n<p>&nbsp;<\/p>\n<p><u><a href=\"http:\/\/repositorio.filo.uba.ar\/handle\/filodigital\/13070\" target=\"_blank\" rel=\"noopener\">Modulaciones entre lo femenino y lo precario: Un recorrido por la literatura de Francisco Vargas Huaiquimilla y Roxana Miranda Rupailaf (uba.ar)<\/a><\/u><\/p>\n<p>&nbsp;<\/p>\n<p>&nbsp;<\/p>\n<p>&nbsp;<\/p>\n<p style=\"text-align: center;\"><span style=\"color: #800080;\"><strong><u>Talleres<\/u><\/strong><\/span><\/p>\n<p>&nbsp;<\/p>\n<p>&nbsp;<\/p>\n<p>&nbsp;<\/p>\n<p><u>Esfera Sur Fundaci\u00f3n<\/u><\/p>\n<p><u><a href=\"https:\/\/www.esferasur.cl\/inscripciones-abiertas-taller-de-poesia\/\" target=\"_blank\" rel=\"noopener\">Inscripciones Abiertas Taller de Poes\u00eda \u22c6 Fundaci\u00f3n Esfera Sur<\/a>\u00a0<\/u><\/p>\n<p>&nbsp;<\/p>\n<p>&nbsp;<\/p>\n<p><u>Taller Literario Universidad Austral de Chile . Afiche de uno de los dos talleres que se impartieron<\/u><\/p>\n<p><a href=\"https:\/\/diario.uach.cl\/universidad-austral-de-chile-presenta-escuela-de-saberes-latinoamericanos\/\" target=\"_blank\" rel=\"noopener\">https:\/\/diario.uach.cl\/universidad-austral-de-chile-presenta-escuela-de-saberes-latinoamericanos\/<\/a><\/p>\n<p>&nbsp;<\/p>\n<p>&nbsp;<\/p>\n<p>&nbsp;<\/p>\n<p style=\"text-align: center;\"><strong><span style=\"color: #800080;\">PROYECTOS FUTUROS<\/span><\/strong><\/p>\n<p>&nbsp;<\/p>\n<p>&nbsp;<\/p>\n<p><u>Escritoras osorninas inspiran las nuevas esculturas del Parque Costanera de Puerto Montt<\/u><\/p>\n<p><u><a href=\"https:\/\/www.paislobo.cl\/2022\/10\/escritoras-osorninas-inspiran-las.html\" target=\"_blank\" rel=\"noopener\">Escritoras osorninas inspiran las nuevas esculturas del Parque Costanera de Puerto Montt &#8211; PL Prensa (paislobo.cl)<\/a><\/u><\/p>\n<p>&nbsp;<\/p>\n<p>&nbsp;<\/p>\n<p>&nbsp;<\/p>\n<p style=\"text-align: center;\"><strong><u>S\u00e1ngrate agua, libro compilatorio 2003-2023<\/u><\/strong><\/p>\n<p><img decoding=\"async\" loading=\"lazy\" class=\"alignnone size-medium wp-image-616\" src=\"https:\/\/rupailaf.cl\/wp-content\/uploads\/2023\/04\/sangrate_agua_portada-300x147.jpg\" alt=\"\" width=\"300\" height=\"147\" srcset=\"https:\/\/rupailaf.cl\/wp-content\/uploads\/2023\/04\/sangrate_agua_portada-300x147.jpg 300w, https:\/\/rupailaf.cl\/wp-content\/uploads\/2023\/04\/sangrate_agua_portada.jpg 432w\" sizes=\"(max-width: 300px) 100vw, 300px\" \/><img decoding=\"async\" loading=\"lazy\" class=\"alignnone size-medium wp-image-618\" src=\"https:\/\/rupailaf.cl\/wp-content\/uploads\/2023\/04\/sangrate_agua_contraportada-300x151.jpg\" alt=\"\" width=\"300\" height=\"151\" srcset=\"https:\/\/rupailaf.cl\/wp-content\/uploads\/2023\/04\/sangrate_agua_contraportada-300x151.jpg 300w, https:\/\/rupailaf.cl\/wp-content\/uploads\/2023\/04\/sangrate_agua_contraportada.jpg 434w\" sizes=\"(max-width: 300px) 100vw, 300px\" \/><\/p>\n<p>Libro compilatorio a cargo del escritor H\u00e9ctor Hern\u00e1ndez Montecinos, que re\u00fane los 20 a\u00f1os de trayectoria escritural de la poeta Roxana Carolina Miranda Rupailaf y que ser\u00e1 publicado durante el a\u00f1o 2023.<\/p>\n<p>&nbsp;<\/p>\n<p>&nbsp;<\/p>\n<p><a href=\"https:\/\/rupailaf.cl\/#subscribe\">Pr\u00f3ximamente m\u00e1s info &#8230; suscr\u00edbete aqu\u00ed para estar atent@<\/a>[\/vc_column_text][\/vc_column][\/vc_row]<\/p>\n<\/section>","protected":false},"excerpt":{"rendered":"<p>[vc_row][vc_column][vc_column_text]Revista Chilena de Literatura https:\/\/www.scielo.cl\/scielo.php?script=sci_arttext&amp;pid=S0718-22952021000200151 &nbsp; Revista de la raza c\u00f3smica Roxana Miranda Rupailaf: \u201cRefundar la palabra mapuche y trabajar con lo ancestral y volverlo contempor\u00e1neo es una labor del escritor ind\u00edgena\u201d \u2013 La Raza C\u00f3mica (razacomica.cl) &nbsp; Revista Buenos Aires Poetry 9 poetas chilenas nacidas en los 80\u00b4s | Roxana Miranda Rupailaf \u2013 Buenos [&hellip;]<\/p>\n","protected":false},"author":1,"featured_media":348,"parent":0,"menu_order":0,"comment_status":"closed","ping_status":"closed","template":"","meta":[],"_links":{"self":[{"href":"https:\/\/rupailaf.cl\/index.php\/wp-json\/wp\/v2\/pages\/609"}],"collection":[{"href":"https:\/\/rupailaf.cl\/index.php\/wp-json\/wp\/v2\/pages"}],"about":[{"href":"https:\/\/rupailaf.cl\/index.php\/wp-json\/wp\/v2\/types\/page"}],"author":[{"embeddable":true,"href":"https:\/\/rupailaf.cl\/index.php\/wp-json\/wp\/v2\/users\/1"}],"replies":[{"embeddable":true,"href":"https:\/\/rupailaf.cl\/index.php\/wp-json\/wp\/v2\/comments?post=609"}],"version-history":[{"count":18,"href":"https:\/\/rupailaf.cl\/index.php\/wp-json\/wp\/v2\/pages\/609\/revisions"}],"predecessor-version":[{"id":641,"href":"https:\/\/rupailaf.cl\/index.php\/wp-json\/wp\/v2\/pages\/609\/revisions\/641"}],"wp:featuredmedia":[{"embeddable":true,"href":"https:\/\/rupailaf.cl\/index.php\/wp-json\/wp\/v2\/media\/348"}],"wp:attachment":[{"href":"https:\/\/rupailaf.cl\/index.php\/wp-json\/wp\/v2\/media?parent=609"}],"curies":[{"name":"wp","href":"https:\/\/api.w.org\/{rel}","templated":true}]}}